{"id":197,"date":"2025-10-23T11:37:18","date_gmt":"2025-10-23T09:37:18","guid":{"rendered":"https:\/\/lepainquonseme.fr\/?page_id=197"},"modified":"2025-10-29T11:40:28","modified_gmt":"2025-10-29T10:40:28","slug":"cgv","status":"publish","type":"page","link":"https:\/\/lepainquonseme.fr\/index.php\/cgv\/","title":{"rendered":"Conditions G\u00e9n\u00e9rales de Vente"},"content":{"rendered":"\t\t<div data-elementor-type=\"wp-page\" data-elementor-id=\"197\" class=\"elementor elementor-197\">\n\t\t\t\t<div class=\"elementor-element elementor-element-572f57f e-flex e-con-boxed e-con e-parent\" data-id=\"572f57f\" data-element_type=\"container\" data-e-type=\"container\">\n\t\t\t\t\t<div class=\"e-con-inner\">\n\t\t\t\t<div class=\"elementor-element elementor-element-23af750 elementor-widget elementor-widget-text-editor\" data-id=\"23af750\" data-element_type=\"widget\" data-e-type=\"widget\" data-widget_type=\"text-editor.default\">\n\t\t\t\t\t\t\t\t\t<p class=\"whitespace-normal break-words\">Les pr\u00e9sentes Conditions G\u00e9n\u00e9rales de Vente (CGV) r\u00e9gissent les ventes de produits r\u00e9alis\u00e9es par Fillacier Matthieu sur le site <a class=\"underline\" href=\"https:\/\/lepainquonseme.fr\/\">https:\/\/lepainquonseme.fr\/<\/a><\/p>\n<h2 class=\"text-xl font-bold text-text-100 mt-1 -mb-0.5\">Article 1 &#8211; Informations l\u00e9gales<\/h2>\n<p class=\"whitespace-normal break-words\"><strong>Vendeur :<\/strong><br>Fillacier Matthieu<br>Exploitation agricole<br>Chemin des Champines<br>13430 Eygui\u00e8res<br>France<\/p>\n<p class=\"whitespace-normal break-words\"><strong>SIRET :<\/strong> 93438901600015<br><strong>TVA intracommunautaire :<\/strong> FR47934389016<br><strong>Email :<\/strong> <a class=\"underline\" href=\"mailto:fillaciermatt@zoho.com\">fillaciermatt@zoho.com<\/a><br><strong>T\u00e9l\u00e9phone :<\/strong> 06 25 15 03 91<\/p>\n<h2 class=\"text-xl font-bold text-text-100 mt-1 -mb-0.5\">Article 2 &#8211; Champ d&rsquo;application<\/h2>\n<p class=\"whitespace-normal break-words\">Les pr\u00e9sentes CGV s&rsquo;appliquent \u00e0 toutes les commandes pass\u00e9es sur le site <a class=\"underline\" href=\"https:\/\/lepainquonseme.fr\/\">https:\/\/lepainquonseme.fr\/<\/a> par des consommateurs situ\u00e9s en France m\u00e9tropolitaine.<\/p>\n<p class=\"whitespace-normal break-words\">Le fait de passer commande implique l&rsquo;acceptation pleine et enti\u00e8re des pr\u00e9sentes CGV.<\/p>\n<h2 class=\"text-xl font-bold text-text-100 mt-1 -mb-0.5\">Article 3 &#8211; Produits<\/h2>\n<p class=\"whitespace-normal break-words\">Les produits propos\u00e9s sont du pain artisanal, de la farine et autres produits agricoles issus de notre exploitation.<\/p>\n<p class=\"whitespace-normal break-words\">Les photographies et descriptions des produits pr\u00e9sent\u00e9es sur le site sont les plus fid\u00e8les possibles mais n&rsquo;engagent pas le vendeur. Les produits \u00e9tant artisanaux, de l\u00e9g\u00e8res variations peuvent exister.<\/p>\n<h2 class=\"text-xl font-bold text-text-100 mt-1 -mb-0.5\">Article 4 &#8211; Prix<\/h2>\n<p class=\"whitespace-normal break-words\">Tous les prix indiqu\u00e9s sont en euros, toutes taxes comprises (TTC).<\/p>\n<p class=\"whitespace-normal break-words\">Le vendeur se r\u00e9serve le droit de modifier ses prix \u00e0 tout moment. Les produits sont factur\u00e9s sur la base des tarifs en vigueur au moment de la validation de la commande.<\/p>\n<h2 class=\"text-xl font-bold text-text-100 mt-1 -mb-0.5\">Article 5 &#8211; Commande<\/h2>\n<h3 class=\"text-lg font-bold text-text-100 mt-1 -mb-1.5\">5.1 Processus de commande<\/h3>\n<p class=\"whitespace-normal break-words\">Les commandes s&rsquo;effectuent uniquement via le site internet <a class=\"underline\" href=\"https:\/\/lepainquonseme.fr\/\">https:\/\/lepainquonseme.fr\/<\/a><\/p>\n<p class=\"whitespace-normal break-words\">Pour passer commande, le client doit :<\/p>\n<ol class=\"[&amp;:not(:last-child)_ul]:pb-1 [&amp;:not(:last-child)_ol]:pb-1 list-decimal space-y-2.5 pl-7\">\n<li class=\"whitespace-normal break-words\">S\u00e9lectionner les produits souhait\u00e9s<\/li>\n<li class=\"whitespace-normal break-words\">Valider son panier<\/li>\n<li class=\"whitespace-normal break-words\">Renseigner ses coordonn\u00e9es<\/li>\n<li class=\"whitespace-normal break-words\">Valider sa commande<\/li>\n<\/ol>\n<h3 class=\"text-lg font-bold text-text-100 mt-1 -mb-1.5\">5.2 Confirmation de commande<\/h3>\n<p class=\"whitespace-normal break-words\">Une confirmation de commande est envoy\u00e9e par email \u00e0 l&rsquo;adresse indiqu\u00e9e par le client lors de la commande.<\/p>\n<h2 class=\"text-xl font-bold text-text-100 mt-1 -mb-0.5\">Article 6 &#8211; Modalit\u00e9s de paiement<\/h2>\n<p class=\"whitespace-normal break-words\"><strong>Le paiement ne s&rsquo;effectue PAS en ligne.<\/strong><\/p>\n<p class=\"whitespace-normal break-words\">Le r\u00e8glement s&rsquo;effectue <strong>uniquement au moment du retrait<\/strong> de la commande, par les moyens de paiement suivants :<\/p>\n<ul class=\"[&amp;:not(:last-child)_ul]:pb-1 [&amp;:not(:last-child)_ol]:pb-1 list-disc space-y-2.5 pl-7\">\n<li class=\"whitespace-normal break-words\">Esp\u00e8ces<\/li>\n<li class=\"whitespace-normal break-words\">Ch\u00e8que (\u00e0 l&rsquo;ordre de Fillacier Matthieu)<\/li>\n<li class=\"whitespace-normal break-words\">Virement bancaire<\/li>\n<\/ul>\n<p class=\"whitespace-normal break-words\">Aucun paiement en ligne (carte bancaire, PayPal, etc.) n&rsquo;est accept\u00e9.<\/p>\n<h2 class=\"text-xl font-bold text-text-100 mt-1 -mb-0.5\">Article 7 &#8211; Retrait de la commande<\/h2>\n<h3 class=\"text-lg font-bold text-text-100 mt-1 -mb-1.5\">7.1 Lieu de retrait<\/h3>\n<p class=\"whitespace-normal break-words\">Les commandes sont \u00e0 retirer exclusivement \u00e0 l&rsquo;adresse suivante :<br><strong>1034 Chemin des Barettes<\/strong><br><strong>13300 Salon-de-Provence<\/strong><\/p>\n<h3 class=\"text-lg font-bold text-text-100 mt-1 -mb-1.5\">7.2 Horaires de retrait<\/h3>\n<p class=\"whitespace-normal break-words\"><strong>Mardi uniquement :<\/strong><\/p>\n<ul class=\"[&amp;:not(:last-child)_ul]:pb-1 [&amp;:not(:last-child)_ol]:pb-1 list-disc space-y-2.5 pl-7\">\n<li class=\"whitespace-normal break-words\"><strong>\u00c9t\u00e9 :<\/strong> de 16h00 \u00e0 19h00<\/li>\n<li class=\"whitespace-normal break-words\"><strong>Hiver :<\/strong> de 15h30 \u00e0 18h30<\/li>\n<\/ul>\n<h3 class=\"text-lg font-bold text-text-100 mt-1 -mb-1.5\">7.3 D\u00e9lai de retrait<\/h3>\n<p class=\"whitespace-normal break-words\">Le client dispose d&rsquo;un cr\u00e9neau horaire pour retirer sa commande le mardi de la semaine de livraison convenue. Pass\u00e9 ce d\u00e9lai, la commande sera consid\u00e9r\u00e9e comme non-r\u00e9cup\u00e9r\u00e9e. Le cas \u00e9ch\u00e9ant, le producteur se communiquera avec l&rsquo;acheteur afin de convenir un nouveau rdv pour r\u00e9cup\u00e9rer la commande et la modalit\u00e9 de paiement.<\/p>\n<h3 class=\"text-lg font-bold text-text-100 mt-1 -mb-1.5\">7.4 Absence de livraison<\/h3>\n<p class=\"whitespace-normal break-words\">Aucune livraison \u00e0 domicile n&rsquo;est propos\u00e9e. Le client doit imp\u00e9rativement se pr\u00e9senter au lieu de retrait pendant les horaires indiqu\u00e9s.<\/p>\n<h2 class=\"text-xl font-bold text-text-100 mt-1 -mb-0.5\">Article 8 &#8211; Droit de r\u00e9tractation<\/h2>\n<p class=\"whitespace-normal break-words\">Conform\u00e9ment \u00e0 l&rsquo;article L221-28 du Code de la consommation, le droit de r\u00e9tractation ne peut \u00eatre exerc\u00e9 pour les denr\u00e9es alimentaires p\u00e9rissables.<\/p>\n<p class=\"whitespace-normal break-words\"><strong>Les produits de boulangerie (pain) ne peuvent donc faire l&rsquo;objet d&rsquo;aucun droit de r\u00e9tractation.<\/strong><\/p>\n<h2 class=\"text-xl font-bold text-text-100 mt-1 -mb-0.5\">Article 9 &#8211; Retours et remboursements<\/h2>\n<h3 class=\"text-lg font-bold text-text-100 mt-1 -mb-1.5\">9.1 Pain et produits p\u00e9rissables<\/h3>\n<p class=\"whitespace-normal break-words\">Compte tenu de la nature p\u00e9rissable des produits de boulangerie, <strong>aucun retour ni remboursement n&rsquo;est possible pour le pain<\/strong>.<\/p>\n<h3 class=\"text-lg font-bold text-text-100 mt-1 -mb-1.5\">9.2 Farine<\/h3>\n<p class=\"whitespace-normal break-words\">Pour la farine, un retour est possible dans un d\u00e9lai de <strong>15 jours<\/strong> \u00e0 compter de la date de retrait, <strong>uniquement<\/strong> dans les cas suivants :<\/p>\n<ul class=\"[&amp;:not(:last-child)_ul]:pb-1 [&amp;:not(:last-child)_ol]:pb-1 list-disc space-y-2.5 pl-7\">\n<li class=\"whitespace-normal break-words\">Moisissure.<\/li>\n<li class=\"whitespace-normal break-words\">Pr\u00e9sence d&rsquo;insectes.<\/li>\n<li class=\"whitespace-normal break-words\">D\u00e9faut av\u00e9r\u00e9 du produit.<\/li>\n<\/ul>\n<h3 class=\"text-lg font-bold text-text-100 mt-1 -mb-1.5\">9.3 Proc\u00e9dure de retour<\/h3>\n<p class=\"whitespace-normal break-words\">Pour tout retour de farine, le client doit :<\/p>\n<ol class=\"[&amp;:not(:last-child)_ul]:pb-1 [&amp;:not(:last-child)_ol]:pb-1 list-decimal space-y-2.5 pl-7\">\n<li class=\"whitespace-normal break-words\">Contacter le vendeur par email (<a class=\"underline\" href=\"mailto:fillaciermatt@zoho.com\">fillaciermatt@zoho.com<\/a>) ou t\u00e9l\u00e9phone (06 25 15 03 91)<\/li>\n<li class=\"whitespace-normal break-words\">Fournir une photo du probl\u00e8me constat\u00e9<\/li>\n<li class=\"whitespace-normal break-words\">Rapporter le produit au lieu de retrait pendant les horaires d&rsquo;ouverture<\/li>\n<\/ol>\n<p class=\"whitespace-normal break-words\">Le remboursement ou l&rsquo;\u00e9change sera effectu\u00e9 apr\u00e8s v\u00e9rification du produit.<\/p>\n<h2 class=\"text-xl font-bold text-text-100 mt-1 -mb-0.5\">Article 10 &#8211; Responsabilit\u00e9<\/h2>\n<p class=\"whitespace-normal break-words\">Le vendeur ne saurait \u00eatre tenu responsable de l&rsquo;inex\u00e9cution du contrat en cas de force majeure, de perturbation ou de gr\u00e8ve totale ou partielle notamment des services postaux et moyens de transport et\/ou communications.<\/p>\n<h2 class=\"text-xl font-bold text-text-100 mt-1 -mb-0.5\">Article 11 &#8211; Donn\u00e9es personnelles<\/h2>\n<p class=\"whitespace-normal break-words\">Les donn\u00e9es personnelles collect\u00e9es lors de la commande sont n\u00e9cessaires au traitement de celle-ci. Elles sont destin\u00e9es exclusivement \u00e0 Fillacier Matthieu et ne seront en aucun cas c\u00e9d\u00e9es \u00e0 des tiers.<\/p>\n<p class=\"whitespace-normal break-words\">Conform\u00e9ment au RGPD, vous disposez d&rsquo;un droit d&rsquo;acc\u00e8s, de rectification, de suppression et d&rsquo;opposition sur vos donn\u00e9es personnelles. Pour exercer ces droits, contactez-nous \u00e0 : <a class=\"underline\" href=\"mailto:fillaciermatt@zoho.com\">fillaciermatt@zoho.com<\/a><\/p>\n<p class=\"whitespace-normal break-words\">Pour plus d&rsquo;informations, consultez notre&nbsp;<a href=\"https:\/\/lepainquonseme.fr\/index.php\/politique-de-confidentialite\/\"><span style=\"background-color: #ffffff; font-size: 1rem;\">Politique de confidentialit\u00e9<\/span>&nbsp;(cliquez ici pour ouvrir la page)<\/a>.<\/p>\n<h2 class=\"text-xl font-bold text-text-100 mt-1 -mb-0.5\">Article 12 &#8211; Propri\u00e9t\u00e9 intellectuelle<\/h2>\n<p class=\"whitespace-normal break-words\">Tous les \u00e9l\u00e9ments du site <a class=\"underline\" href=\"https:\/\/lepainquonseme.fr\/\">https:\/\/lepainquonseme.fr\/<\/a> sont et restent la propri\u00e9t\u00e9 intellectuelle exclusive de Fillacier Matthieu. Toute reproduction, exploitation ou diffusion, m\u00eame partielle, est interdite sans autorisation pr\u00e9alable \u00e9crite.<\/p>\n<h2 class=\"text-xl font-bold text-text-100 mt-1 -mb-0.5\">Article 13 &#8211; Droit applicable et m\u00e9diation<\/h2>\n<p class=\"whitespace-normal break-words\">Les pr\u00e9sentes CGV sont soumises au droit fran\u00e7ais.<\/p>\n<p class=\"whitespace-normal break-words\">En cas de litige, le client peut recourir \u00e0 une m\u00e9diation conventionnelle ou \u00e0 tout autre mode alternatif de r\u00e8glement des diff\u00e9rends.<\/p>\n<p class=\"whitespace-normal break-words\">Plateforme de r\u00e8glement en ligne des litiges de consommation de l&rsquo;Union Europ\u00e9enne : <a class=\"underline\" href=\"https:\/\/ec.europa.eu\/consumers\/odr\/\">https:\/\/ec.europa.eu\/consumers\/odr\/<\/a><\/p>\n<p class=\"whitespace-normal break-words\">\u00c0 d\u00e9faut de r\u00e9solution amiable, le litige sera port\u00e9 devant les tribunaux comp\u00e9tents fran\u00e7ais.<\/p>\n<h2 class=\"text-xl font-bold text-text-100 mt-1 -mb-0.5\">Article 14 &#8211; Modification des CGV<\/h2>\n<p class=\"whitespace-normal break-words\">Le vendeur se r\u00e9serve le droit de modifier les pr\u00e9sentes CGV \u00e0 tout moment. Les CGV applicables sont celles en vigueur \u00e0 la date de la commande.<\/p>\n<hr class=\"border-border-300 my-2\">\n<p class=\"whitespace-normal break-words\"><em>Derni\u00e8re mise \u00e0 jour : Octobre 2025<\/em><\/p>\t\t\t\t\t\t\t\t<\/div>\n\t\t\t\t\t<\/div>\n\t\t\t\t<\/div>\n\t\t\t\t<\/div>\n\t\t","protected":false},"excerpt":{"rendered":"<p>Les pr\u00e9sentes Conditions G\u00e9n\u00e9rales de Vente (CGV) r\u00e9gissent les ventes de produits r\u00e9alis\u00e9es par Fillacier Matthieu sur le site https:\/\/lepainquonseme.fr\/ Article 1 &#8211; Informations l\u00e9gales Vendeur :Fillacier MatthieuExploitation agricoleChemin des Champines13430 Eygui\u00e8resFrance SIRET : 93438901600015TVA intracommunautaire : FR47934389016Email : fillaciermatt@zoho.comT\u00e9l\u00e9phone : 06 25 15 03 91 Article 2 &#8211; Champ d&rsquo;application Les pr\u00e9sentes CGV s&rsquo;appliquent [&hellip;]<\/p>\n","protected":false},"author":1,"featured_media":0,"parent":0,"menu_order":0,"comment_status":"closed","ping_status":"closed","template":"","meta":{"footnotes":""},"class_list":["post-197","page","type-page","status-publish","hentry","entry","owp-thumbs-layout-horizontal","owp-btn-normal","owp-tabs-layout-horizontal","has-no-thumbnails","has-product-nav","circle-sale"],"yoast_head":"<!-- This site is optimized with the Yoast SEO plugin v28.3 - https:\/\/yoast.com\/product\/yoast-seo-wordpress\/ -->\n<title>Conditions G\u00e9n\u00e9rales de Vente - Le pain qu&#039;on s\u00e8me<\/title>\n<meta name=\"robots\" content=\"noindex, follow, max-snippet:-1, max-image-preview:large, max-video-preview:-1\" \/>\n<meta property=\"og:locale\" content=\"fr_FR\" \/>\n<meta property=\"og:type\" content=\"article\" \/>\n<meta property=\"og:title\" content=\"Conditions G\u00e9n\u00e9rales de Vente - Le pain qu&#039;on s\u00e8me\" \/>\n<meta property=\"og:description\" content=\"Les pr\u00e9sentes Conditions G\u00e9n\u00e9rales de Vente (CGV) r\u00e9gissent les ventes de produits r\u00e9alis\u00e9es par Fillacier Matthieu sur le site https:\/\/lepainquonseme.fr\/ Article 1 &#8211; Informations l\u00e9gales Vendeur :Fillacier MatthieuExploitation agricoleChemin des Champines13430 Eygui\u00e8resFrance SIRET : 93438901600015TVA intracommunautaire : FR47934389016Email : fillaciermatt@zoho.comT\u00e9l\u00e9phone : 06 25 15 03 91 Article 2 &#8211; Champ d&rsquo;application Les pr\u00e9sentes CGV s&rsquo;appliquent [&hellip;]\" \/>\n<meta property=\"og:url\" content=\"https:\/\/lepainquonseme.fr\/index.php\/cgv\/\" \/>\n<meta property=\"og:site_name\" content=\"Le pain qu&#039;on s\u00e8me\" \/>\n<meta property=\"article:modified_time\" content=\"2025-10-29T10:40:28+00:00\" \/>\n<meta name=\"twitter:card\" content=\"summary_large_image\" \/>\n<script type=\"application\/ld+json\" class=\"yoast-schema-graph\">{\"@context\":\"https:\\\/\\\/schema.org\",\"@graph\":[{\"@type\":\"WebPage\",\"@id\":\"https:\\\/\\\/lepainquonseme.fr\\\/index.php\\\/cgv\\\/\",\"url\":\"https:\\\/\\\/lepainquonseme.fr\\\/index.php\\\/cgv\\\/\",\"name\":\"Conditions G\u00e9n\u00e9rales de Vente - Le pain qu&#039;on s\u00e8me\",\"isPartOf\":{\"@id\":\"https:\\\/\\\/lepainquonseme.fr\\\/#website\"},\"datePublished\":\"2025-10-23T09:37:18+00:00\",\"dateModified\":\"2025-10-29T10:40:28+00:00\",\"breadcrumb\":{\"@id\":\"https:\\\/\\\/lepainquonseme.fr\\\/index.php\\\/cgv\\\/#breadcrumb\"},\"inLanguage\":\"fr-FR\",\"potentialAction\":[{\"@type\":\"ReadAction\",\"target\":[\"https:\\\/\\\/lepainquonseme.fr\\\/index.php\\\/cgv\\\/\"]}]},{\"@type\":\"BreadcrumbList\",\"@id\":\"https:\\\/\\\/lepainquonseme.fr\\\/index.php\\\/cgv\\\/#breadcrumb\",\"itemListElement\":[{\"@type\":\"ListItem\",\"position\":1,\"name\":\"Home\",\"item\":\"https:\\\/\\\/lepainquonseme.fr\\\/\"},{\"@type\":\"ListItem\",\"position\":2,\"name\":\"Conditions G\u00e9n\u00e9rales de Vente\"}]},{\"@type\":\"WebSite\",\"@id\":\"https:\\\/\\\/lepainquonseme.fr\\\/#website\",\"url\":\"https:\\\/\\\/lepainquonseme.fr\\\/\",\"name\":\"Le pain qu'on s\u00e8me\",\"description\":\"Matthieu Fillacier - Paysan Boulanger\",\"publisher\":{\"@id\":\"https:\\\/\\\/lepainquonseme.fr\\\/#organization\"},\"potentialAction\":[{\"@type\":\"SearchAction\",\"target\":{\"@type\":\"EntryPoint\",\"urlTemplate\":\"https:\\\/\\\/lepainquonseme.fr\\\/?s={search_term_string}\"},\"query-input\":{\"@type\":\"PropertyValueSpecification\",\"valueRequired\":true,\"valueName\":\"search_term_string\"}}],\"inLanguage\":\"fr-FR\"},{\"@type\":\"Organization\",\"@id\":\"https:\\\/\\\/lepainquonseme.fr\\\/#organization\",\"name\":\"Le pain qu'on s\u00e8me\",\"url\":\"https:\\\/\\\/lepainquonseme.fr\\\/\",\"logo\":{\"@type\":\"ImageObject\",\"inLanguage\":\"fr-FR\",\"@id\":\"https:\\\/\\\/lepainquonseme.fr\\\/#\\\/schema\\\/logo\\\/image\\\/\",\"url\":\"https:\\\/\\\/lepainquonseme.fr\\\/wp-content\\\/uploads\\\/2025\\\/10\\\/Copie-de-Copie-de-Logo-matt-clair-1.jpg\",\"contentUrl\":\"https:\\\/\\\/lepainquonseme.fr\\\/wp-content\\\/uploads\\\/2025\\\/10\\\/Copie-de-Copie-de-Logo-matt-clair-1.jpg\",\"width\":500,\"height\":500,\"caption\":\"Le pain qu'on s\u00e8me\"},\"image\":{\"@id\":\"https:\\\/\\\/lepainquonseme.fr\\\/#\\\/schema\\\/logo\\\/image\\\/\"}}]}<\/script>\n<!-- \/ Yoast SEO plugin. -->","yoast_head_json":{"title":"Conditions G\u00e9n\u00e9rales de Vente - Le pain qu&#039;on s\u00e8me","robots":{"index":"noindex","follow":"follow","max-snippet":"max-snippet:-1","max-image-preview":"max-image-preview:large","max-video-preview":"max-video-preview:-1"},"og_locale":"fr_FR","og_type":"article","og_title":"Conditions G\u00e9n\u00e9rales de Vente - Le pain qu&#039;on s\u00e8me","og_description":"Les pr\u00e9sentes Conditions G\u00e9n\u00e9rales de Vente (CGV) r\u00e9gissent les ventes de produits r\u00e9alis\u00e9es par Fillacier Matthieu sur le site https:\/\/lepainquonseme.fr\/ Article 1 &#8211; Informations l\u00e9gales Vendeur :Fillacier MatthieuExploitation agricoleChemin des Champines13430 Eygui\u00e8resFrance SIRET : 93438901600015TVA intracommunautaire : FR47934389016Email : fillaciermatt@zoho.comT\u00e9l\u00e9phone : 06 25 15 03 91 Article 2 &#8211; Champ d&rsquo;application Les pr\u00e9sentes CGV s&rsquo;appliquent [&hellip;]","og_url":"https:\/\/lepainquonseme.fr\/index.php\/cgv\/","og_site_name":"Le pain qu&#039;on s\u00e8me","article_modified_time":"2025-10-29T10:40:28+00:00","twitter_card":"summary_large_image","schema":{"@context":"https:\/\/schema.org","@graph":[{"@type":"WebPage","@id":"https:\/\/lepainquonseme.fr\/index.php\/cgv\/","url":"https:\/\/lepainquonseme.fr\/index.php\/cgv\/","name":"Conditions G\u00e9n\u00e9rales de Vente - Le pain qu&#039;on s\u00e8me","isPartOf":{"@id":"https:\/\/lepainquonseme.fr\/#website"},"datePublished":"2025-10-23T09:37:18+00:00","dateModified":"2025-10-29T10:40:28+00:00","breadcrumb":{"@id":"https:\/\/lepainquonseme.fr\/index.php\/cgv\/#breadcrumb"},"inLanguage":"fr-FR","potentialAction":[{"@type":"ReadAction","target":["https:\/\/lepainquonseme.fr\/index.php\/cgv\/"]}]},{"@type":"BreadcrumbList","@id":"https:\/\/lepainquonseme.fr\/index.php\/cgv\/#breadcrumb","itemListElement":[{"@type":"ListItem","position":1,"name":"Home","item":"https:\/\/lepainquonseme.fr\/"},{"@type":"ListItem","position":2,"name":"Conditions G\u00e9n\u00e9rales de Vente"}]},{"@type":"WebSite","@id":"https:\/\/lepainquonseme.fr\/#website","url":"https:\/\/lepainquonseme.fr\/","name":"Le pain qu'on s\u00e8me","description":"Matthieu Fillacier - Paysan Boulanger","publisher":{"@id":"https:\/\/lepainquonseme.fr\/#organization"},"potentialAction":[{"@type":"SearchAction","target":{"@type":"EntryPoint","urlTemplate":"https:\/\/lepainquonseme.fr\/?s={search_term_string}"},"query-input":{"@type":"PropertyValueSpecification","valueRequired":true,"valueName":"search_term_string"}}],"inLanguage":"fr-FR"},{"@type":"Organization","@id":"https:\/\/lepainquonseme.fr\/#organization","name":"Le pain qu'on s\u00e8me","url":"https:\/\/lepainquonseme.fr\/","logo":{"@type":"ImageObject","inLanguage":"fr-FR","@id":"https:\/\/lepainquonseme.fr\/#\/schema\/logo\/image\/","url":"https:\/\/lepainquonseme.fr\/wp-content\/uploads\/2025\/10\/Copie-de-Copie-de-Logo-matt-clair-1.jpg","contentUrl":"https:\/\/lepainquonseme.fr\/wp-content\/uploads\/2025\/10\/Copie-de-Copie-de-Logo-matt-clair-1.jpg","width":500,"height":500,"caption":"Le pain qu'on s\u00e8me"},"image":{"@id":"https:\/\/lepainquonseme.fr\/#\/schema\/logo\/image\/"}}]}},"_links":{"self":[{"href":"https:\/\/lepainquonseme.fr\/index.php\/wp-json\/wp\/v2\/pages\/197","targetHints":{"allow":["GET"]}}],"collection":[{"href":"https:\/\/lepainquonseme.fr\/index.php\/wp-json\/wp\/v2\/pages"}],"about":[{"href":"https:\/\/lepainquonseme.fr\/index.php\/wp-json\/wp\/v2\/types\/page"}],"author":[{"embeddable":true,"href":"https:\/\/lepainquonseme.fr\/index.php\/wp-json\/wp\/v2\/users\/1"}],"replies":[{"embeddable":true,"href":"https:\/\/lepainquonseme.fr\/index.php\/wp-json\/wp\/v2\/comments?post=197"}],"version-history":[{"count":11,"href":"https:\/\/lepainquonseme.fr\/index.php\/wp-json\/wp\/v2\/pages\/197\/revisions"}],"predecessor-version":[{"id":216,"href":"https:\/\/lepainquonseme.fr\/index.php\/wp-json\/wp\/v2\/pages\/197\/revisions\/216"}],"wp:attachment":[{"href":"https:\/\/lepainquonseme.fr\/index.php\/wp-json\/wp\/v2\/media?parent=197"}],"curies":[{"name":"wp","href":"https:\/\/api.w.org\/{rel}","templated":true}]}}